{"id":1158,"date":"2024-06-06T16:56:58","date_gmt":"2024-06-06T14:56:58","guid":{"rendered":"https:\/\/www.creatique-technologie.com\/werden-sie-teil-unseres-teams\/unsere-stellenangebote\/"},"modified":"2025-01-23T11:58:34","modified_gmt":"2025-01-23T10:58:34","slug":"unsere-stellenangebote","status":"publish","type":"page","link":"https:\/\/www.creatique-technologie.com\/de\/werden-sie-teil-unseres-teams\/unsere-stellenangebote\/","title":{"rendered":"UNSERE STELLENANGEBOTE"},"content":{"rendered":"<div class=\"wpb-content-wrapper\"><p>[vc_row el_id=&#8220;Angebote&#8220;][vc_column][vc_empty_space][vc_column_text el_class=&#8220;h2 fort montserrat habillage-titre txt-rouge&#8220;]UNSERE STELLENANGEBOTE [\/vc_column_text][vc_column_text el_class=&#8220;justify&#8220;]Die Zuverl\u00e4ssigkeit eines Elektrofahrzeugs h\u00e4ngt vom Pr\u00fcfstand ab, der beim Hersteller verwendet wird.<\/p>\n<p>CREATIQUE TECHNOLOGIE entwirft, fertigt, montiert und installiert die Verkabelung, die den Pr\u00fcfstand mit dem Produkt verbindet, das gepr\u00fcft werden soll: Akkupack, Elektromotor, Getriebe, Gleichspannungswandler, Armaturenbrett,&#8230;<\/p>\n<p>Unser Know-how erlaubt uns, f\u00fcr Fahrzeuge s\u00e4mtlicher Marken L\u00f6sungen anzubieten, die in Frankreich, Deutschland, den USA, in China, Indien, Brasilien und ganz Europa zum Einsatz kommen.<\/p>\n<p>CREATIQUE TECHNOLOGIE z\u00e4hlt als Spezialist weltweit zu den TOP 3 in diesem Bereich. Verantwortungsbewusstsein gepaart mit Mut und Zielorientierung sind f\u00fcr den Erfolg unseres Unternehmens ebenso ausschlaggebend wie die individuellen St\u00e4rken jedes einzelnen Mitarbeiters.<\/p>\n<p>Der Hauptsitz der Unternehmensgruppe (CREATIQUE GROUP) befindet sich in Lyon. Daneben gibt es Standorte in der Region Hauts de France, in der Bretagne und in Deutschland. Au\u00dferdem unterhalten wir Handelsvertretungen in Brasilien, China, Korea und Indien. Derzeit wird in den USA ein weiterer Standort aufgebaut. Insgesamt verf\u00fcgt die Unternehmensgruppe \u00fcber 80 Mitarbeiter, davon 20 im Bereich Produkt- und Prozesskonzeption.[\/vc_column_text][vc_btn title=&#8220;Wenden Sie sich an uns&#8220; style=&#8220;custom&#8220; custom_background=&#8220;#fe0000&#8243; custom_text=&#8220;#ffffff&#8220; shape=&#8220;round&#8220; align=&#8220;center&#8220; link=&#8220;url:%23|&#8220; el_class=&#8220;fleche-btn-page&#8220;][\/vc_column][\/vc_row][vc_row css=&#8220;.vc_custom_1724685170142{margin-bottom: 50px !important;padding-top: 20px !important;padding-right: 40px !important;padding-bottom: 20px !important;padding-left: 40px !important;background-color: #ffffff !important;border-radius: 20px !important;}&#8220; el_class=&#8220;padding-cote-zero&#8220;][vc_column][vc_column_text el_class=&#8220;h2 fort montserrat habillage-titre txt-rouge upper&#8220;]Montagetechniker\/in, Kalibrierung, Test m\/w\/d[\/vc_column_text][vc_separator color=&#8220;black&#8220; style=&#8220;dotted&#8220; border_width=&#8220;2&#8243;][vc_row_inner gap=&#8220;20&#8243;][vc_column_inner][vc_column_text el_class=&#8220;justify&#8220;]<strong class=\"d2b1\"><span class=\"txt-bleu\">Aufgaben:<\/span><\/strong><\/p>\n<p>Als Mitglied unseres Montageteams aus 10 Technikern arbeiten Sie zusammen mit dem Konstruktionsteam an der Montage, Kalibrierung und Funktionspr\u00fcfung komplexer Systeme und Spezialanfertigungen. Im Bereich Selbstwartung arbeiten Sie beim Aufbau von Anlagen oder im Rahmen des Kundendiensts am Standort des Kunden. Sie haben folgende Aufgaben:<\/p>\n<ul>\n<li>Montage und Verkabelung von Prototypen und\/oder von Komplett-\/Spezialprodukten<\/li>\n<li>Kalibrierung von Produkten<\/li>\n<li>Selbstwartung und Funktionspr\u00fcfung von Produkten<\/li>\n<li>Bei auftretenden St\u00f6rungen fordern Sie Verbesserungen an.<\/li>\n<\/ul>\n<p><strong class=\"d2b1\"><span class=\"txt-bleu\">Gesuchtes Profil:<\/span><\/strong><\/p>\n<p>Sie lieben Technik, verf\u00fcgen \u00fcber ausgepr\u00e4gte Erfahrung im Bereich Kabelmontage, sind mit Pr\u00e4zisionsmontage vertraut und f\u00fcr die Arbeit mit Starkstrom qualifiziert.<\/p>\n<p>Sie sind sozial kompetent und k\u00f6nnen sich Ihrem Gespr\u00e4chspartner problemlos anpassen, um ihm verst\u00e4ndlich zu erkl\u00e4ren, was Sie tun. Dies gilt insbesondere f\u00fcr Ihre Dienstreisen zu verschiedenen Standorten von Kunden. Sie wissen eine exakte Arbeitsweise, die Organisationstalent und Pr\u00e4zision erfordert, ebenso sehr zu sch\u00e4tzen wie interessante Aufgaben und die Vielfalt unserer Produkte. Sie achten auf den Arbeitsschutz und befolgen die Richtlinien und Abl\u00e4ufe in Ihrem Unternehmen<\/p>\n<p>Erfahrung im Umgang mit der Software Solidworks sind von Vorteil. Englisch mindestens auf Niveau B1 gew\u00fcnscht.[\/vc_column_text][vc_column_text el_class=&#8220;justify&#8220;]<span class=\"type-contrat\"><img loading=\"lazy\" decoding=\"async\" class=\"alignnone size-full wp-image-464\" src=\"https:\/\/www.creatique-technologie.com\/wp-content\/uploads\/2024\/09\/icone-doc.jpg\" alt=\"\" width=\"53\" height=\"53\" \/>Unbefristeter Arbeitsvertrag<\/span><span class=\"lieux\"><img loading=\"lazy\" decoding=\"async\" class=\"alignnone size-full wp-image-465\" src=\"https:\/\/www.creatique-technologie.com\/wp-content\/uploads\/2024\/09\/icone-lieux.jpg\" alt=\"\" width=\"53\" height=\"53\" \/>Arbeitsbereich Artois-Flandres \u2013 10 min ab Lens- 30 min ab Lille<\/span>[\/vc_column_text][vc_btn title=&#8220;Bewerben&#8220; style=&#8220;custom&#8220; custom_background=&#8220;#fe0000&#8243; custom_text=&#8220;#ffffff&#8220; shape=&#8220;round&#8220; align=&#8220;center&#8220; link=&#8220;url:%2Fde%2Fwerden-sie-teil-unseres-teams%2Funsere-stellenangebote%2Fbewerben%2F|title:Kontakt&#8220; el_class=&#8220;fleche-btn-page&#8220;][\/vc_column_inner][\/vc_row_inner][\/vc_column][\/vc_row][vc_row css=&#8220;.vc_custom_1724685170142{margin-bottom: 50px !important;padding-top: 20px !important;padding-right: 40px !important;padding-bottom: 20px !important;padding-left: 40px !important;background-color: #ffffff !important;border-radius: 20px !important;}&#8220; el_class=&#8220;padding-cote-zero&#8220;][vc_column][vc_column_text el_class=&#8220;h2 fort montserrat habillage-titre txt-rouge&#8220;]Designer\/in m\/w\/d[\/vc_column_text][vc_separator color=&#8220;black&#8220; style=&#8220;dotted&#8220; border_width=&#8220;2&#8243;][vc_row_inner gap=&#8220;20&#8243;][vc_column_inner][vc_column_text el_class=&#8220;justify&#8220;]<strong class=\"d2b1\"><span class=\"txt-bleu\">Aufgaben:<\/span><\/strong><\/p>\n<p>Unser\/e Designer\/in m\/w\/d entwirft in Zusammenarbeit dem Kunden Produkte.<\/p>\n<p>Sie konzipieren Anschl\u00fcsse f\u00fcr Pr\u00fcfmittel und kleine Spezialger\u00e4te.<\/p>\n<p>Im Zentrum Ihres Aufgabenbereichs steht die Erfassung der vom Kunden direkt eingehenden Daten. Sie analysieren, interpretieren und bewerten diese technische Daten und erstellen Pl\u00e4ne.<\/p>\n<p>Als Projektmanager im technischen Bereich ergreifen Sie die Initiative und und finden die passende L\u00f6sung.<\/p>\n<p><strong class=\"d2b1\"><span class=\"txt-bleu\">Gesuchtes Profil:<\/span><\/strong><\/p>\n<p>Sie haben durch Ihr Studium theoretische und praktische Kenntnisse in den Bereichen Mechanik, Elektrotechnik und Pneumatik erworben oder verf\u00fcgen \u00fcber umfangreiche passende Erfahrung. Sie waren bereits f\u00fcr die Leitung von technischen Projekten verantwortlich.<\/p>\n<p>Sie zeichnen sich durch eine selbstst\u00e4ndige Arbeitsweise sowie klare Kommunikation aus und sind mit den g\u00e4ngigen Office-Anwendungen bestens vertraut. Erfahrungen mit CAD-Software sind von Vorteil.[\/vc_column_text][vc_column_text el_class=&#8220;justify&#8220;]<span class=\"type-contrat\"><img loading=\"lazy\" decoding=\"async\" class=\"alignnone size-full wp-image-464\" src=\"https:\/\/www.creatique-technologie.com\/wp-content\/uploads\/2024\/09\/icone-doc.jpg\" alt=\"\" width=\"53\" height=\"53\" \/>Unbefristeter Arbeitsvertrag<\/span><span class=\"lieux\"><img loading=\"lazy\" decoding=\"async\" class=\"alignnone size-full wp-image-465\" src=\"https:\/\/www.creatique-technologie.com\/wp-content\/uploads\/2024\/09\/icone-lieux.jpg\" alt=\"\" width=\"53\" height=\"53\" \/>Arbeitsbereich Artois-Flandres \u2013 10 min ab Lens- 30 min ab Lille \u2022 Tagschicht<\/span>[\/vc_column_text][vc_btn title=&#8220;Bewerben&#8220; style=&#8220;custom&#8220; custom_background=&#8220;#fe0000&#8243; custom_text=&#8220;#ffffff&#8220; shape=&#8220;round&#8220; align=&#8220;center&#8220; link=&#8220;url:%2Fde%2Fwerden-sie-teil-unseres-teams%2Funsere-stellenangebote%2Fbewerben%2F|title:Kontakt&#8220; el_class=&#8220;fleche-btn-page&#8220;][\/vc_column_inner][\/vc_row_inner][\/vc_column][\/vc_row]<\/p>\n<\/div>","protected":false},"excerpt":{"rendered":"<p>[vc_row el_id=&#8220;Angebote&#8220;][vc_column][vc_empty_space][vc_column_text el_class=&#8220;h2 fort montserrat habillage-titre txt-rouge&#8220;]UNSERE STELLENANGEBOTE [\/vc_column_text][vc_column_text el_class=&#8220;justify&#8220;]Die Zuverl\u00e4ssigkeit eines Elektrofahrzeugs h\u00e4ngt vom Pr\u00fcfstand ab, der beim Hersteller verwendet wird. CREATIQUE TECHNOLOGIE entwirft, fertigt,<span class=\"excerpt-hellip\"> [\u2026]<\/span><\/p>\n","protected":false},"author":1,"featured_media":0,"parent":1152,"menu_order":0,"comment_status":"closed","ping_status":"closed","template":"","meta":{"footnotes":""},"class_list":["post-1158","page","type-page","status-publish","hentry"],"yoast_head":"<!-- This site is optimized with the Yoast SEO plugin v27.5 - https:\/\/yoast.com\/product\/yoast-seo-wordpress\/ -->\n<title>Unbefristeter Arbeitsvertrag Montagetechniker\/in, Kalibrierung, Test, Abteilung 35<\/title>\n<meta name=\"description\" content=\"CREATIQUE sucht eine\/n Montagetechniker\/in und bietet einen unbefristeten Arbeitsvertrag. Fordern Sie ein Angebot an!\" \/>\n<meta name=\"robots\" content=\"index, follow, max-snippet:-1, max-image-preview:large, max-video-preview:-1\" \/>\n<link rel=\"canonical\" href=\"https:\/\/www.creatique-technologie.com\/de\/werden-sie-teil-unseres-teams\/unsere-stellenangebote\/\" \/>\n<meta property=\"og:locale\" content=\"de_DE\" \/>\n<meta property=\"og:type\" content=\"article\" \/>\n<meta property=\"og:title\" content=\"Unbefristeter Arbeitsvertrag Montagetechniker\/in, Kalibrierung, Test, Abteilung 35\" \/>\n<meta property=\"og:description\" content=\"CREATIQUE sucht eine\/n Montagetechniker\/in und bietet einen unbefristeten Arbeitsvertrag. Fordern Sie ein Angebot an!\" \/>\n<meta property=\"og:url\" content=\"https:\/\/www.creatique-technologie.com\/de\/werden-sie-teil-unseres-teams\/unsere-stellenangebote\/\" \/>\n<meta property=\"og:site_name\" content=\"Cr\u00e9atique Technologie\" \/>\n<meta property=\"article:modified_time\" content=\"2025-01-23T10:58:34+00:00\" \/>\n<meta property=\"og:image\" content=\"https:\/\/www.creatique-technologie.com\/wp-content\/uploads\/2024\/09\/icone-doc.jpg\" \/>\n\t<meta property=\"og:image:width\" content=\"53\" \/>\n\t<meta property=\"og:image:height\" content=\"53\" \/>\n\t<meta property=\"og:image:type\" content=\"image\/jpeg\" \/>\n<meta name=\"twitter:card\" content=\"summary_large_image\" \/>\n<meta name=\"twitter:label1\" content=\"Gesch\u00e4tzte Lesezeit\" \/>\n\t<meta name=\"twitter:data1\" content=\"4\u00a0Minuten\" \/>\n<script type=\"application\/ld+json\" class=\"yoast-schema-graph\">{\"@context\":\"https:\\\/\\\/schema.org\",\"@graph\":[{\"@type\":\"WebPage\",\"@id\":\"https:\\\/\\\/www.creatique-technologie.com\\\/de\\\/werden-sie-teil-unseres-teams\\\/unsere-stellenangebote\\\/\",\"url\":\"https:\\\/\\\/www.creatique-technologie.com\\\/de\\\/werden-sie-teil-unseres-teams\\\/unsere-stellenangebote\\\/\",\"name\":\"Unbefristeter Arbeitsvertrag Montagetechniker\\\/in, Kalibrierung, Test, Abteilung 35\",\"isPartOf\":{\"@id\":\"https:\\\/\\\/www.creatique-technologie.com\\\/de\\\/#website\"},\"primaryImageOfPage\":{\"@id\":\"https:\\\/\\\/www.creatique-technologie.com\\\/de\\\/werden-sie-teil-unseres-teams\\\/unsere-stellenangebote\\\/#primaryimage\"},\"image\":{\"@id\":\"https:\\\/\\\/www.creatique-technologie.com\\\/de\\\/werden-sie-teil-unseres-teams\\\/unsere-stellenangebote\\\/#primaryimage\"},\"thumbnailUrl\":\"https:\\\/\\\/www.creatique-technologie.com\\\/wp-content\\\/uploads\\\/2024\\\/09\\\/icone-doc.jpg\",\"datePublished\":\"2024-06-06T14:56:58+00:00\",\"dateModified\":\"2025-01-23T10:58:34+00:00\",\"description\":\"CREATIQUE sucht eine\\\/n Montagetechniker\\\/in und bietet einen unbefristeten Arbeitsvertrag. Fordern Sie ein Angebot an!\",\"breadcrumb\":{\"@id\":\"https:\\\/\\\/www.creatique-technologie.com\\\/de\\\/werden-sie-teil-unseres-teams\\\/unsere-stellenangebote\\\/#breadcrumb\"},\"inLanguage\":\"de\",\"potentialAction\":[{\"@type\":\"ReadAction\",\"target\":[\"https:\\\/\\\/www.creatique-technologie.com\\\/de\\\/werden-sie-teil-unseres-teams\\\/unsere-stellenangebote\\\/\"]}]},{\"@type\":\"ImageObject\",\"inLanguage\":\"de\",\"@id\":\"https:\\\/\\\/www.creatique-technologie.com\\\/de\\\/werden-sie-teil-unseres-teams\\\/unsere-stellenangebote\\\/#primaryimage\",\"url\":\"https:\\\/\\\/www.creatique-technologie.com\\\/wp-content\\\/uploads\\\/2024\\\/09\\\/icone-doc.jpg\",\"contentUrl\":\"https:\\\/\\\/www.creatique-technologie.com\\\/wp-content\\\/uploads\\\/2024\\\/09\\\/icone-doc.jpg\"},{\"@type\":\"BreadcrumbList\",\"@id\":\"https:\\\/\\\/www.creatique-technologie.com\\\/de\\\/werden-sie-teil-unseres-teams\\\/unsere-stellenangebote\\\/#breadcrumb\",\"itemListElement\":[{\"@type\":\"ListItem\",\"position\":1,\"name\":\"Accueil\",\"item\":\"https:\\\/\\\/www.creatique-technologie.com\\\/de\\\/\"},{\"@type\":\"ListItem\",\"position\":2,\"name\":\"WERDEN SIE TEIL UNSERES TEAMS\",\"item\":\"https:\\\/\\\/www.creatique-technologie.com\\\/de\\\/nous-rejoindre\\\/\"},{\"@type\":\"ListItem\",\"position\":3,\"name\":\"UNSERE STELLENANGEBOTE\"}]},{\"@type\":\"WebSite\",\"@id\":\"https:\\\/\\\/www.creatique-technologie.com\\\/de\\\/#website\",\"url\":\"https:\\\/\\\/www.creatique-technologie.com\\\/de\\\/\",\"name\":\"Cr\u00e9atique Technologie\",\"description\":\"\",\"potentialAction\":[{\"@type\":\"SearchAction\",\"target\":{\"@type\":\"EntryPoint\",\"urlTemplate\":\"https:\\\/\\\/www.creatique-technologie.com\\\/de\\\/?s={search_term_string}\"},\"query-input\":{\"@type\":\"PropertyValueSpecification\",\"valueRequired\":true,\"valueName\":\"search_term_string\"}}],\"inLanguage\":\"de\"}]}<\/script>\n<!-- \/ Yoast SEO plugin. -->","yoast_head_json":{"title":"Unbefristeter Arbeitsvertrag Montagetechniker\/in, Kalibrierung, Test, Abteilung 35","description":"CREATIQUE sucht eine\/n Montagetechniker\/in und bietet einen unbefristeten Arbeitsvertrag. Fordern Sie ein Angebot an!","robots":{"index":"index","follow":"follow","max-snippet":"max-snippet:-1","max-image-preview":"max-image-preview:large","max-video-preview":"max-video-preview:-1"},"canonical":"https:\/\/www.creatique-technologie.com\/de\/werden-sie-teil-unseres-teams\/unsere-stellenangebote\/","og_locale":"de_DE","og_type":"article","og_title":"Unbefristeter Arbeitsvertrag Montagetechniker\/in, Kalibrierung, Test, Abteilung 35","og_description":"CREATIQUE sucht eine\/n Montagetechniker\/in und bietet einen unbefristeten Arbeitsvertrag. Fordern Sie ein Angebot an!","og_url":"https:\/\/www.creatique-technologie.com\/de\/werden-sie-teil-unseres-teams\/unsere-stellenangebote\/","og_site_name":"Cr\u00e9atique Technologie","article_modified_time":"2025-01-23T10:58:34+00:00","og_image":[{"width":53,"height":53,"url":"https:\/\/www.creatique-technologie.com\/wp-content\/uploads\/2024\/09\/icone-doc.jpg","type":"image\/jpeg"}],"twitter_card":"summary_large_image","twitter_misc":{"Gesch\u00e4tzte Lesezeit":"4\u00a0Minuten"},"schema":{"@context":"https:\/\/schema.org","@graph":[{"@type":"WebPage","@id":"https:\/\/www.creatique-technologie.com\/de\/werden-sie-teil-unseres-teams\/unsere-stellenangebote\/","url":"https:\/\/www.creatique-technologie.com\/de\/werden-sie-teil-unseres-teams\/unsere-stellenangebote\/","name":"Unbefristeter Arbeitsvertrag Montagetechniker\/in, Kalibrierung, Test, Abteilung 35","isPartOf":{"@id":"https:\/\/www.creatique-technologie.com\/de\/#website"},"primaryImageOfPage":{"@id":"https:\/\/www.creatique-technologie.com\/de\/werden-sie-teil-unseres-teams\/unsere-stellenangebote\/#primaryimage"},"image":{"@id":"https:\/\/www.creatique-technologie.com\/de\/werden-sie-teil-unseres-teams\/unsere-stellenangebote\/#primaryimage"},"thumbnailUrl":"https:\/\/www.creatique-technologie.com\/wp-content\/uploads\/2024\/09\/icone-doc.jpg","datePublished":"2024-06-06T14:56:58+00:00","dateModified":"2025-01-23T10:58:34+00:00","description":"CREATIQUE sucht eine\/n Montagetechniker\/in und bietet einen unbefristeten Arbeitsvertrag. Fordern Sie ein Angebot an!","breadcrumb":{"@id":"https:\/\/www.creatique-technologie.com\/de\/werden-sie-teil-unseres-teams\/unsere-stellenangebote\/#breadcrumb"},"inLanguage":"de","potentialAction":[{"@type":"ReadAction","target":["https:\/\/www.creatique-technologie.com\/de\/werden-sie-teil-unseres-teams\/unsere-stellenangebote\/"]}]},{"@type":"ImageObject","inLanguage":"de","@id":"https:\/\/www.creatique-technologie.com\/de\/werden-sie-teil-unseres-teams\/unsere-stellenangebote\/#primaryimage","url":"https:\/\/www.creatique-technologie.com\/wp-content\/uploads\/2024\/09\/icone-doc.jpg","contentUrl":"https:\/\/www.creatique-technologie.com\/wp-content\/uploads\/2024\/09\/icone-doc.jpg"},{"@type":"BreadcrumbList","@id":"https:\/\/www.creatique-technologie.com\/de\/werden-sie-teil-unseres-teams\/unsere-stellenangebote\/#breadcrumb","itemListElement":[{"@type":"ListItem","position":1,"name":"Accueil","item":"https:\/\/www.creatique-technologie.com\/de\/"},{"@type":"ListItem","position":2,"name":"WERDEN SIE TEIL UNSERES TEAMS","item":"https:\/\/www.creatique-technologie.com\/de\/nous-rejoindre\/"},{"@type":"ListItem","position":3,"name":"UNSERE STELLENANGEBOTE"}]},{"@type":"WebSite","@id":"https:\/\/www.creatique-technologie.com\/de\/#website","url":"https:\/\/www.creatique-technologie.com\/de\/","name":"Cr\u00e9atique Technologie","description":"","potentialAction":[{"@type":"SearchAction","target":{"@type":"EntryPoint","urlTemplate":"https:\/\/www.creatique-technologie.com\/de\/?s={search_term_string}"},"query-input":{"@type":"PropertyValueSpecification","valueRequired":true,"valueName":"search_term_string"}}],"inLanguage":"de"}]}},"jetpack_sharing_enabled":true,"_links":{"self":[{"href":"https:\/\/www.creatique-technologie.com\/de\/wp-json\/wp\/v2\/pages\/1158","targetHints":{"allow":["GET"]}}],"collection":[{"href":"https:\/\/www.creatique-technologie.com\/de\/wp-json\/wp\/v2\/pages"}],"about":[{"href":"https:\/\/www.creatique-technologie.com\/de\/wp-json\/wp\/v2\/types\/page"}],"author":[{"embeddable":true,"href":"https:\/\/www.creatique-technologie.com\/de\/wp-json\/wp\/v2\/users\/1"}],"replies":[{"embeddable":true,"href":"https:\/\/www.creatique-technologie.com\/de\/wp-json\/wp\/v2\/comments?post=1158"}],"version-history":[{"count":8,"href":"https:\/\/www.creatique-technologie.com\/de\/wp-json\/wp\/v2\/pages\/1158\/revisions"}],"predecessor-version":[{"id":1679,"href":"https:\/\/www.creatique-technologie.com\/de\/wp-json\/wp\/v2\/pages\/1158\/revisions\/1679"}],"up":[{"embeddable":true,"href":"https:\/\/www.creatique-technologie.com\/de\/wp-json\/wp\/v2\/pages\/1152"}],"wp:attachment":[{"href":"https:\/\/www.creatique-technologie.com\/de\/wp-json\/wp\/v2\/media?parent=1158"}],"curies":[{"name":"wp","href":"https:\/\/api.w.org\/{rel}","templated":true}]}}